{"id":2449,"date":"2021-11-18T13:06:16","date_gmt":"2021-11-18T16:06:16","guid":{"rendered":"https:\/\/skymedia.works\/mavi\/exposiciones-pasadas\/suelo-de-francisca-sanchez\/"},"modified":"2023-03-20T12:30:30","modified_gmt":"2023-03-20T15:30:30","slug":"suelo-de-francisca-sanchez","status":"publish","type":"exposiciones-pasadas","link":"https:\/\/mavi.uc.cl\/en\/exposiciones-pasadas\/suelo-de-francisca-sanchez\/","title":{"rendered":"Suelo. Francisca S\u00e1nchez"},"content":{"rendered":"<div class=\"row\">\n<div class=\"wp-block-columns is-layout-flex wp-container-core-columns-is-layout-9d6595d7 wp-block-columns-is-layout-flex\"><div class=\"col-md-6\">\n<div class=\"wp-block-column is-layout-flow wp-block-column-is-layout-flow\">\n<p>La exposici\u00f3n \u201cSuelo\u201d reuni\u00f3 una serie de esculturas en yeso, una maqueta de la topograf\u00eda del suelo de Aculeo, dibujos en diferentes formatos, dos piezas de video y el libro de dibujos \u201cArriba del suelo, abajo del suelo\u201d; con los que la artista Francisca S\u00e1nchez apunta a mostrar su pr\u00e1ctica escult\u00f3rica de los \u00faltimos cuatro a\u00f1os. En ella reflexion\u00f3 sobre modos de su hacer material en torno al suelo y el valor de fijar un piso desde donde modelar im\u00e1genes en un presente en constante cambio.<\/p>\n\n\n\n<p>La iniciativa cont\u00f3 con el financiamiento del Ministerio de las Culturas, las Artes y el Patrimonio a trav\u00e9s de su Programa de Apoyo a Organizaciones Culturales Colaboradoras. Asimismo, la exposici\u00f3n \u201cSuelo\u201d cont\u00f3 con el financiamiento de FONDART, convocatoria 2019.<\/p>\n\n\n\n<p>\u201cSuelo\u201d surgi\u00f3 primeramente de la curiosidad por ver el molde desaguado de la Laguna de Aculeo, ver la topograf\u00eda expuesta. Surgi\u00f3 de la pregunta por ese espacio in\u00e9dito e intent\u00f3 dar cuenta de \u00e9l desde las caminatas y cruces con el hacer art\u00edstico.<\/p>\n\n\n\n<p>A partir de esas salidas a terreno, Francisca comienza a llamar a esta planicie: suelo, porque esta palabra nombra mejor la actual cara de la \u201claguna\u201d. Este nombre a su vez se relaciona con sus trabajos previos, en los que excavar en el suelo es un modo dibujar y obtener esculturas vaciadas en dichos moldes. El di\u00e1logo entre las visitas a la laguna y las reflexiones del hacer del taller tienen eco en una serie de esculturas que aliment\u00f3 su consciencia del movimiento y la continuidad de los espacios como el constante entrar y salir de un hoyo, llenar vertiendo dentro un molde o prolongar una estructura fuera de \u00e9l. Las esculturas usan el suelo de textura, de contenedor, de soporte; asumen la escala del cuerpo y sus movimientos.<\/p>\n\n\n\n<p>Cerca de la laguna de Aculeo, Francisca tiene su taller que define como una espacio de soberan\u00eda personal, en este lugar explica \u201cno tengo que estar invent\u00e1ndome y reinvent\u00e1ndome, est\u00e1 todo lo que necesito, no hay ingenio, una cosa lleva a la siguiente\u201d.<\/p>\n\n\n\n<p>Al mismo tiempo que el suelo es entendido como una zona de actividad escult\u00f3rica, sus materiales son usados para dibujar sobre papel, im\u00e1genes de gran formato fabricados con arena y tinta china que replican bidimensionalmente formas afines a las ensayadas por las esculturas expuestas en las salas del MAVI.<\/p>\n<\/div>\n<\/div>\n\n<div class=\"col-md-6\">\n<div class=\"wp-block-column is-layout-flow wp-block-column-is-layout-flow\">\n<p><strong>Un libro y piezas audiovisuales en di\u00e1logo con la exposici\u00f3n \u201cSuelo\u201d<\/strong><\/p>\n\n\n\n<p>Para la artista las reflexiones provienen del hacer y en este sentido dibujar es la manera de escribir propia del taller. Esta escritura se expresa en el libro \u201cArriba del suelo, abajo del suelo\u201d, una publicaci\u00f3n hecha en coautor\u00eda con Magdalena Record\u00f3n, que narra en dibujos, la ficci\u00f3n de una figura que en su transformaci\u00f3n comunica los espacios del arriba y del abajo del suelo. \u201cEn mi comprensi\u00f3n, lo que he estado haciendo constantemente es conectando lo de abajo con lo de arriba. Pensando el suelo como una dimensi\u00f3n de dos caras, como el espejo de Alicia en la historia de Lewis Carroll; dos mundos comunicados, que no se reflejan sino que nos permite ver lo que tiene de inverso el uno del otro, ver la infidelidad de los fantasmas con las cosas del mundo\u201d.<\/p>\n\n\n\n<p>La \u00faltima escena de la exposici\u00f3n fue una sala de proyecci\u00f3n en la que se exhiben dos piezas de video: \u201cLos lados de una tortuga\u201d de Carolina Saquel y \u201cLa ca\u00edda\u201d de Claudia Aravena. Cada pieza es resultado del encargo de realizar un video, tomando como punto de partida, la visita a la laguna de Aculeo y el peregrinar sobre su suelo.<\/p>\n\n\n\n<p>Francisca S\u00e1nchez (Santiago de Chile, 1975) es licenciada en Arte y Antropolog\u00eda, y mag\u00edster en Artes Visuales de la Universidad de Chile.<\/p>\n\n\n\n<p>En el 2004 participa en la residencia De Ateliers en Amsterdam y dos a\u00f1os despu\u00e9s se integra al programa de investigaci\u00f3n art\u00edstica La Seine de l\u2019\u00c9cole Nationale Sup\u00e9rieure des Beaux Arts de Paris. Durante el tiempo que vive en el extranjero es becada por las entidades en las que participa, lo que le permite dedicarse exclusivamente a la experimentaci\u00f3n y al trabajo sistem\u00e1tico en el taller. Esto marcar\u00e1 su quehacer art\u00edstico proponiendo la pr\u00e1ctica de la escultura como una metodolog\u00eda para entender el mundo. Francisca ha expuesto en Santiago, \u00c1msterdam, Madrid, Lima, Se\u00fal, Par\u00eds, Nueva York, Praga, Montevideo y Santa Cruz.<\/p>\n\n\n\n<p>El 2009, de regreso en Chile, funda junto a Mar\u00eda Berr\u00edos e Ignacio Gumucio el colectivo y editorial vaticanochico, que postula la curiosidad como motor del conocimiento y del autoaprendizaje. Actualmente, vive y trabaja en Santiago, compartiendo su tiempo entre sus investigaciones y la ense\u00f1anza en la Escuela de Arte de la Universidad Diego Portales.<\/p>\n<\/div>\n<\/div><\/div>\n<\/div>","protected":false},"featured_media":2036,"template":"","artistas":[366],"categoria":[287],"class_list":["post-2449","exposiciones-pasadas","type-exposiciones-pasadas","status-publish","has-post-thumbnail","hentry","artistas-francisca-sanchez-en","categoria-presencial-en"],"acf":[],"yoast_head":"<!-- This site is optimized with the Yoast SEO plugin v27.0 - https:\/\/yoast.com\/product\/yoast-seo-wordpress\/ -->\n<title>Suelo. Francisca S\u00e1nchez - MAVI UC<\/title>\n<meta name=\"description\" content=\"Aqu\u00ed puedes ver las exposiciones que se han presentado anteriormente en el Museo de Artes Visuales MAVI UC.\" \/>\n<meta name=\"robots\" content=\"index, follow, max-snippet:-1, max-image-preview:large, max-video-preview:-1\" \/>\n<link rel=\"canonical\" href=\"https:\/\/mavi.uc.cl\/en\/exposiciones-pasadas\/suelo-de-francisca-sanchez\/\" \/>\n<meta property=\"og:locale\" content=\"en_US\" \/>\n<meta property=\"og:type\" content=\"article\" \/>\n<meta property=\"og:title\" content=\"Suelo. Francisca S\u00e1nchez - MAVI UC\" \/>\n<meta property=\"og:description\" content=\"Aqu\u00ed puedes ver las exposiciones que se han presentado anteriormente en el Museo de Artes Visuales MAVI UC.\" \/>\n<meta property=\"og:url\" content=\"https:\/\/mavi.uc.cl\/en\/exposiciones-pasadas\/suelo-de-francisca-sanchez\/\" \/>\n<meta property=\"og:site_name\" content=\"MAVI UC\" \/>\n<meta property=\"article:modified_time\" content=\"2023-03-20T15:30:30+00:00\" \/>\n<meta property=\"og:image\" content=\"https:\/\/mavi.uc.cl\/wp-content\/uploads\/2023\/01\/2021-MAVI-Exp-Sanchez-@JBrantmayer.jpg\" \/>\n\t<meta property=\"og:image:width\" content=\"1170\" \/>\n\t<meta property=\"og:image:height\" content=\"550\" \/>\n\t<meta property=\"og:image:type\" content=\"image\/jpeg\" \/>\n<meta name=\"twitter:card\" content=\"summary_large_image\" \/>\n<meta name=\"twitter:label1\" content=\"Est. reading time\" \/>\n\t<meta name=\"twitter:data1\" content=\"4 minutes\" \/>\n<script type=\"application\/ld+json\" class=\"yoast-schema-graph\">{\"@context\":\"https:\/\/schema.org\",\"@graph\":[{\"@type\":\"WebPage\",\"@id\":\"https:\/\/mavi.uc.cl\/en\/exposiciones-pasadas\/suelo-de-francisca-sanchez\/\",\"url\":\"https:\/\/mavi.uc.cl\/en\/exposiciones-pasadas\/suelo-de-francisca-sanchez\/\",\"name\":\"Suelo. Francisca S\u00e1nchez - MAVI UC\",\"isPartOf\":{\"@id\":\"https:\/\/mavi.uc.cl\/#website\"},\"primaryImageOfPage\":{\"@id\":\"https:\/\/mavi.uc.cl\/en\/exposiciones-pasadas\/suelo-de-francisca-sanchez\/#primaryimage\"},\"image\":{\"@id\":\"https:\/\/mavi.uc.cl\/en\/exposiciones-pasadas\/suelo-de-francisca-sanchez\/#primaryimage\"},\"thumbnailUrl\":\"https:\/\/mavi.uc.cl\/wp-content\/uploads\/2023\/01\/2021-MAVI-Exp-Sanchez-@JBrantmayer.jpg\",\"datePublished\":\"2021-11-18T16:06:16+00:00\",\"dateModified\":\"2023-03-20T15:30:30+00:00\",\"description\":\"Aqu\u00ed puedes ver las exposiciones que se han presentado anteriormente en el Museo de Artes Visuales MAVI UC.\",\"breadcrumb\":{\"@id\":\"https:\/\/mavi.uc.cl\/en\/exposiciones-pasadas\/suelo-de-francisca-sanchez\/#breadcrumb\"},\"inLanguage\":\"en-US\",\"potentialAction\":[{\"@type\":\"ReadAction\",\"target\":[\"https:\/\/mavi.uc.cl\/en\/exposiciones-pasadas\/suelo-de-francisca-sanchez\/\"]}]},{\"@type\":\"ImageObject\",\"inLanguage\":\"en-US\",\"@id\":\"https:\/\/mavi.uc.cl\/en\/exposiciones-pasadas\/suelo-de-francisca-sanchez\/#primaryimage\",\"url\":\"https:\/\/mavi.uc.cl\/wp-content\/uploads\/2023\/01\/2021-MAVI-Exp-Sanchez-@JBrantmayer.jpg\",\"contentUrl\":\"https:\/\/mavi.uc.cl\/wp-content\/uploads\/2023\/01\/2021-MAVI-Exp-Sanchez-@JBrantmayer.jpg\",\"width\":1170,\"height\":550},{\"@type\":\"BreadcrumbList\",\"@id\":\"https:\/\/mavi.uc.cl\/en\/exposiciones-pasadas\/suelo-de-francisca-sanchez\/#breadcrumb\",\"itemListElement\":[{\"@type\":\"ListItem\",\"position\":1,\"name\":\"Portada\",\"item\":\"https:\/\/mavi.uc.cl\/en\/\"},{\"@type\":\"ListItem\",\"position\":2,\"name\":\"Exposiciones pasadas\",\"item\":\"https:\/\/mavi.uc.cl\/exposiciones-pasadas\/\"},{\"@type\":\"ListItem\",\"position\":3,\"name\":\"Suelo. Francisca S\u00e1nchez\"}]},{\"@type\":\"WebSite\",\"@id\":\"https:\/\/mavi.uc.cl\/#website\",\"url\":\"https:\/\/mavi.uc.cl\/\",\"name\":\"MAVI UC\",\"description\":\"Museo de Artes Visuales\",\"potentialAction\":[{\"@type\":\"SearchAction\",\"target\":{\"@type\":\"EntryPoint\",\"urlTemplate\":\"https:\/\/mavi.uc.cl\/?s={search_term_string}\"},\"query-input\":{\"@type\":\"PropertyValueSpecification\",\"valueRequired\":true,\"valueName\":\"search_term_string\"}}],\"inLanguage\":\"en-US\"}]}<\/script>\n<!-- \/ Yoast SEO plugin. -->","yoast_head_json":{"title":"Suelo. Francisca S\u00e1nchez - MAVI UC","description":"Aqu\u00ed puedes ver las exposiciones que se han presentado anteriormente en el Museo de Artes Visuales MAVI UC.","robots":{"index":"index","follow":"follow","max-snippet":"max-snippet:-1","max-image-preview":"max-image-preview:large","max-video-preview":"max-video-preview:-1"},"canonical":"https:\/\/mavi.uc.cl\/en\/exposiciones-pasadas\/suelo-de-francisca-sanchez\/","og_locale":"en_US","og_type":"article","og_title":"Suelo. Francisca S\u00e1nchez - MAVI UC","og_description":"Aqu\u00ed puedes ver las exposiciones que se han presentado anteriormente en el Museo de Artes Visuales MAVI UC.","og_url":"https:\/\/mavi.uc.cl\/en\/exposiciones-pasadas\/suelo-de-francisca-sanchez\/","og_site_name":"MAVI UC","article_modified_time":"2023-03-20T15:30:30+00:00","og_image":[{"width":1170,"height":550,"url":"https:\/\/mavi.uc.cl\/wp-content\/uploads\/2023\/01\/2021-MAVI-Exp-Sanchez-@JBrantmayer.jpg","type":"image\/jpeg"}],"twitter_card":"summary_large_image","twitter_misc":{"Est. reading time":"4 minutes"},"schema":{"@context":"https:\/\/schema.org","@graph":[{"@type":"WebPage","@id":"https:\/\/mavi.uc.cl\/en\/exposiciones-pasadas\/suelo-de-francisca-sanchez\/","url":"https:\/\/mavi.uc.cl\/en\/exposiciones-pasadas\/suelo-de-francisca-sanchez\/","name":"Suelo. Francisca S\u00e1nchez - MAVI UC","isPartOf":{"@id":"https:\/\/mavi.uc.cl\/#website"},"primaryImageOfPage":{"@id":"https:\/\/mavi.uc.cl\/en\/exposiciones-pasadas\/suelo-de-francisca-sanchez\/#primaryimage"},"image":{"@id":"https:\/\/mavi.uc.cl\/en\/exposiciones-pasadas\/suelo-de-francisca-sanchez\/#primaryimage"},"thumbnailUrl":"https:\/\/mavi.uc.cl\/wp-content\/uploads\/2023\/01\/2021-MAVI-Exp-Sanchez-@JBrantmayer.jpg","datePublished":"2021-11-18T16:06:16+00:00","dateModified":"2023-03-20T15:30:30+00:00","description":"Aqu\u00ed puedes ver las exposiciones que se han presentado anteriormente en el Museo de Artes Visuales MAVI UC.","breadcrumb":{"@id":"https:\/\/mavi.uc.cl\/en\/exposiciones-pasadas\/suelo-de-francisca-sanchez\/#breadcrumb"},"inLanguage":"en-US","potentialAction":[{"@type":"ReadAction","target":["https:\/\/mavi.uc.cl\/en\/exposiciones-pasadas\/suelo-de-francisca-sanchez\/"]}]},{"@type":"ImageObject","inLanguage":"en-US","@id":"https:\/\/mavi.uc.cl\/en\/exposiciones-pasadas\/suelo-de-francisca-sanchez\/#primaryimage","url":"https:\/\/mavi.uc.cl\/wp-content\/uploads\/2023\/01\/2021-MAVI-Exp-Sanchez-@JBrantmayer.jpg","contentUrl":"https:\/\/mavi.uc.cl\/wp-content\/uploads\/2023\/01\/2021-MAVI-Exp-Sanchez-@JBrantmayer.jpg","width":1170,"height":550},{"@type":"BreadcrumbList","@id":"https:\/\/mavi.uc.cl\/en\/exposiciones-pasadas\/suelo-de-francisca-sanchez\/#breadcrumb","itemListElement":[{"@type":"ListItem","position":1,"name":"Portada","item":"https:\/\/mavi.uc.cl\/en\/"},{"@type":"ListItem","position":2,"name":"Exposiciones pasadas","item":"https:\/\/mavi.uc.cl\/exposiciones-pasadas\/"},{"@type":"ListItem","position":3,"name":"Suelo. Francisca S\u00e1nchez"}]},{"@type":"WebSite","@id":"https:\/\/mavi.uc.cl\/#website","url":"https:\/\/mavi.uc.cl\/","name":"MAVI UC","description":"Museo de Artes Visuales","potentialAction":[{"@type":"SearchAction","target":{"@type":"EntryPoint","urlTemplate":"https:\/\/mavi.uc.cl\/?s={search_term_string}"},"query-input":{"@type":"PropertyValueSpecification","valueRequired":true,"valueName":"search_term_string"}}],"inLanguage":"en-US"}]}},"_links":{"self":[{"href":"https:\/\/mavi.uc.cl\/en\/wp-json\/wp\/v2\/exposiciones-pasadas\/2449","targetHints":{"allow":["GET"]}}],"collection":[{"href":"https:\/\/mavi.uc.cl\/en\/wp-json\/wp\/v2\/exposiciones-pasadas"}],"about":[{"href":"https:\/\/mavi.uc.cl\/en\/wp-json\/wp\/v2\/types\/exposiciones-pasadas"}],"wp:featuredmedia":[{"embeddable":true,"href":"https:\/\/mavi.uc.cl\/en\/wp-json\/wp\/v2\/media\/2036"}],"wp:attachment":[{"href":"https:\/\/mavi.uc.cl\/en\/wp-json\/wp\/v2\/media?parent=2449"}],"wp:term":[{"taxonomy":"artistas","embeddable":true,"href":"https:\/\/mavi.uc.cl\/en\/wp-json\/wp\/v2\/artistas?post=2449"},{"taxonomy":"categoria","embeddable":true,"href":"https:\/\/mavi.uc.cl\/en\/wp-json\/wp\/v2\/categoria?post=2449"}],"curies":[{"name":"wp","href":"https:\/\/api.w.org\/{rel}","templated":true}]}}