{"id":2497,"date":"2014-01-01T00:00:00","date_gmt":"2014-01-01T03:00:00","guid":{"rendered":"https:\/\/skymedia.works\/mavi\/coleccion-mavi-uc\/donde-esta-mi-mente\/"},"modified":"2023-01-27T13:05:06","modified_gmt":"2023-01-27T16:05:06","slug":"donde-esta-mi-mente","status":"publish","type":"coleccion-mavi-uc","link":"https:\/\/mavi.uc.cl\/en\/coleccion-mavi-uc\/donde-esta-mi-mente\/","title":{"rendered":"D\u00f3nde est\u00e1 mi mente"},"content":{"rendered":"<p>\u201cD\u00f3nde est\u00e1 mi mente\u201d de GONZALO CONTRERAS. Escultura, \u00f3leo (2014)<\/p>\n<p>El trabajo de Gonzalo Contreras (1979) se desarrolla a trav\u00e9s de la escultura, marcada por los tr\u00e1nsitos que ha tenido en la exploraci\u00f3n en materiales espec\u00edficos, como hierro, m\u00e1rmol, bronce, hormig\u00f3n y piedra. Su obra est\u00e1 trazada por un inter\u00e9s en la dimensi\u00f3n volum\u00e9trica de las cosas, que observa, trae y somete al tratamiento de alto rigor que estos materiales demandan, conocimientos t\u00e9cnicos f\u00e1ciles de percibir en su resultado.<\/p>\n<p>Siempre trazado por el an\u00e1lisis material, por ejemplo, en los traspasos luego de uno (el referente) a otro (la pieza escult\u00f3rica), sus trabajos nos ofrecen una experiencia abierta a las formas y la asociaci\u00f3n.  Esto, sin embargo, est\u00e1 cruzado por referencias objetuales espec\u00edficas, nutridas del entorno y el paisaje reconocible y habitado, para ir a cuestiones como la sociedad de consumo y sus problem\u00e1ticas. Vemos en sus trabajos entonces la elecci\u00f3n objetual desde un horizonte contempor\u00e1neo situado, la dislocaci\u00f3n de objeto \u00fatil que coquetea con la abstracci\u00f3n, piezas que cristalizan la larga tradici\u00f3n de la matriz escult\u00f3rica que lindan tanto con el gesto duchampiano como con la proposici\u00f3n postminimalista.<\/p>\n","protected":false},"featured_media":1312,"template":"","artistas":[460],"tecnica":[],"class_list":["post-2497","coleccion-mavi-uc","type-coleccion-mavi-uc","status-publish","has-post-thumbnail","hentry","artistas-gonzalo-contreras-en"],"acf":[],"yoast_head":"<!-- This site is optimized with the Yoast SEO plugin v27.0 - https:\/\/yoast.com\/product\/yoast-seo-wordpress\/ -->\n<title>D\u00f3nde est\u00e1 mi mente - MAVI UC<\/title>\n<meta name=\"description\" content=\"La Colecci\u00f3n de Arte del Museo de Artes Visuales MAVI UC re\u00fane m\u00e1s de mil obras y aqu\u00ed puedes ver algunas de ellas.\" \/>\n<meta name=\"robots\" content=\"index, follow, max-snippet:-1, max-image-preview:large, max-video-preview:-1\" \/>\n<link rel=\"canonical\" href=\"https:\/\/mavi.uc.cl\/en\/coleccion-mavi-uc\/donde-esta-mi-mente\/\" \/>\n<meta property=\"og:locale\" content=\"en_US\" \/>\n<meta property=\"og:type\" content=\"article\" \/>\n<meta property=\"og:title\" content=\"D\u00f3nde est\u00e1 mi mente - MAVI UC\" \/>\n<meta property=\"og:description\" content=\"La Colecci\u00f3n de Arte del Museo de Artes Visuales MAVI UC re\u00fane m\u00e1s de mil obras y aqu\u00ed puedes ver algunas de ellas.\" \/>\n<meta property=\"og:url\" content=\"https:\/\/mavi.uc.cl\/en\/coleccion-mavi-uc\/donde-esta-mi-mente\/\" \/>\n<meta property=\"og:site_name\" content=\"MAVI UC\" \/>\n<meta property=\"article:modified_time\" content=\"2023-01-27T16:05:06+00:00\" \/>\n<meta property=\"og:image\" content=\"https:\/\/mavi.uc.cl\/wp-content\/uploads\/2023\/01\/E4-15001-CONTRERAS.jpg\" \/>\n\t<meta property=\"og:image:width\" content=\"1280\" \/>\n\t<meta property=\"og:image:height\" content=\"854\" \/>\n\t<meta property=\"og:image:type\" content=\"image\/jpeg\" \/>\n<meta name=\"twitter:card\" content=\"summary_large_image\" \/>\n<meta name=\"twitter:label1\" content=\"Est. reading time\" \/>\n\t<meta name=\"twitter:data1\" content=\"1 minute\" \/>\n<script type=\"application\/ld+json\" class=\"yoast-schema-graph\">{\"@context\":\"https:\/\/schema.org\",\"@graph\":[{\"@type\":\"WebPage\",\"@id\":\"https:\/\/mavi.uc.cl\/en\/coleccion-mavi-uc\/donde-esta-mi-mente\/\",\"url\":\"https:\/\/mavi.uc.cl\/en\/coleccion-mavi-uc\/donde-esta-mi-mente\/\",\"name\":\"D\u00f3nde est\u00e1 mi mente - MAVI UC\",\"isPartOf\":{\"@id\":\"https:\/\/mavi.uc.cl\/#website\"},\"primaryImageOfPage\":{\"@id\":\"https:\/\/mavi.uc.cl\/en\/coleccion-mavi-uc\/donde-esta-mi-mente\/#primaryimage\"},\"image\":{\"@id\":\"https:\/\/mavi.uc.cl\/en\/coleccion-mavi-uc\/donde-esta-mi-mente\/#primaryimage\"},\"thumbnailUrl\":\"https:\/\/mavi.uc.cl\/wp-content\/uploads\/2023\/01\/E4-15001-CONTRERAS.jpg\",\"datePublished\":\"2014-01-01T03:00:00+00:00\",\"dateModified\":\"2023-01-27T16:05:06+00:00\",\"description\":\"La Colecci\u00f3n de Arte del Museo de Artes Visuales MAVI UC re\u00fane m\u00e1s de mil obras y aqu\u00ed puedes ver algunas de ellas.\",\"breadcrumb\":{\"@id\":\"https:\/\/mavi.uc.cl\/en\/coleccion-mavi-uc\/donde-esta-mi-mente\/#breadcrumb\"},\"inLanguage\":\"en-US\",\"potentialAction\":[{\"@type\":\"ReadAction\",\"target\":[\"https:\/\/mavi.uc.cl\/en\/coleccion-mavi-uc\/donde-esta-mi-mente\/\"]}]},{\"@type\":\"ImageObject\",\"inLanguage\":\"en-US\",\"@id\":\"https:\/\/mavi.uc.cl\/en\/coleccion-mavi-uc\/donde-esta-mi-mente\/#primaryimage\",\"url\":\"https:\/\/mavi.uc.cl\/wp-content\/uploads\/2023\/01\/E4-15001-CONTRERAS.jpg\",\"contentUrl\":\"https:\/\/mavi.uc.cl\/wp-content\/uploads\/2023\/01\/E4-15001-CONTRERAS.jpg\",\"width\":1280,\"height\":854},{\"@type\":\"BreadcrumbList\",\"@id\":\"https:\/\/mavi.uc.cl\/en\/coleccion-mavi-uc\/donde-esta-mi-mente\/#breadcrumb\",\"itemListElement\":[{\"@type\":\"ListItem\",\"position\":1,\"name\":\"Portada\",\"item\":\"https:\/\/mavi.uc.cl\/en\/\"},{\"@type\":\"ListItem\",\"position\":2,\"name\":\"Colecci\u00f3n MAVI UC: Archivo de obras\",\"item\":\"https:\/\/mavi.uc.cl\/coleccion-mavi-uc\/\"},{\"@type\":\"ListItem\",\"position\":3,\"name\":\"D\u00f3nde est\u00e1 mi mente\"}]},{\"@type\":\"WebSite\",\"@id\":\"https:\/\/mavi.uc.cl\/#website\",\"url\":\"https:\/\/mavi.uc.cl\/\",\"name\":\"MAVI UC\",\"description\":\"Museo de Artes Visuales\",\"potentialAction\":[{\"@type\":\"SearchAction\",\"target\":{\"@type\":\"EntryPoint\",\"urlTemplate\":\"https:\/\/mavi.uc.cl\/?s={search_term_string}\"},\"query-input\":{\"@type\":\"PropertyValueSpecification\",\"valueRequired\":true,\"valueName\":\"search_term_string\"}}],\"inLanguage\":\"en-US\"}]}<\/script>\n<!-- \/ Yoast SEO plugin. -->","yoast_head_json":{"title":"D\u00f3nde est\u00e1 mi mente - MAVI UC","description":"La Colecci\u00f3n de Arte del Museo de Artes Visuales MAVI UC re\u00fane m\u00e1s de mil obras y aqu\u00ed puedes ver algunas de ellas.","robots":{"index":"index","follow":"follow","max-snippet":"max-snippet:-1","max-image-preview":"max-image-preview:large","max-video-preview":"max-video-preview:-1"},"canonical":"https:\/\/mavi.uc.cl\/en\/coleccion-mavi-uc\/donde-esta-mi-mente\/","og_locale":"en_US","og_type":"article","og_title":"D\u00f3nde est\u00e1 mi mente - MAVI UC","og_description":"La Colecci\u00f3n de Arte del Museo de Artes Visuales MAVI UC re\u00fane m\u00e1s de mil obras y aqu\u00ed puedes ver algunas de ellas.","og_url":"https:\/\/mavi.uc.cl\/en\/coleccion-mavi-uc\/donde-esta-mi-mente\/","og_site_name":"MAVI UC","article_modified_time":"2023-01-27T16:05:06+00:00","og_image":[{"width":1280,"height":854,"url":"https:\/\/mavi.uc.cl\/wp-content\/uploads\/2023\/01\/E4-15001-CONTRERAS.jpg","type":"image\/jpeg"}],"twitter_card":"summary_large_image","twitter_misc":{"Est. reading time":"1 minute"},"schema":{"@context":"https:\/\/schema.org","@graph":[{"@type":"WebPage","@id":"https:\/\/mavi.uc.cl\/en\/coleccion-mavi-uc\/donde-esta-mi-mente\/","url":"https:\/\/mavi.uc.cl\/en\/coleccion-mavi-uc\/donde-esta-mi-mente\/","name":"D\u00f3nde est\u00e1 mi mente - MAVI UC","isPartOf":{"@id":"https:\/\/mavi.uc.cl\/#website"},"primaryImageOfPage":{"@id":"https:\/\/mavi.uc.cl\/en\/coleccion-mavi-uc\/donde-esta-mi-mente\/#primaryimage"},"image":{"@id":"https:\/\/mavi.uc.cl\/en\/coleccion-mavi-uc\/donde-esta-mi-mente\/#primaryimage"},"thumbnailUrl":"https:\/\/mavi.uc.cl\/wp-content\/uploads\/2023\/01\/E4-15001-CONTRERAS.jpg","datePublished":"2014-01-01T03:00:00+00:00","dateModified":"2023-01-27T16:05:06+00:00","description":"La Colecci\u00f3n de Arte del Museo de Artes Visuales MAVI UC re\u00fane m\u00e1s de mil obras y aqu\u00ed puedes ver algunas de ellas.","breadcrumb":{"@id":"https:\/\/mavi.uc.cl\/en\/coleccion-mavi-uc\/donde-esta-mi-mente\/#breadcrumb"},"inLanguage":"en-US","potentialAction":[{"@type":"ReadAction","target":["https:\/\/mavi.uc.cl\/en\/coleccion-mavi-uc\/donde-esta-mi-mente\/"]}]},{"@type":"ImageObject","inLanguage":"en-US","@id":"https:\/\/mavi.uc.cl\/en\/coleccion-mavi-uc\/donde-esta-mi-mente\/#primaryimage","url":"https:\/\/mavi.uc.cl\/wp-content\/uploads\/2023\/01\/E4-15001-CONTRERAS.jpg","contentUrl":"https:\/\/mavi.uc.cl\/wp-content\/uploads\/2023\/01\/E4-15001-CONTRERAS.jpg","width":1280,"height":854},{"@type":"BreadcrumbList","@id":"https:\/\/mavi.uc.cl\/en\/coleccion-mavi-uc\/donde-esta-mi-mente\/#breadcrumb","itemListElement":[{"@type":"ListItem","position":1,"name":"Portada","item":"https:\/\/mavi.uc.cl\/en\/"},{"@type":"ListItem","position":2,"name":"Colecci\u00f3n MAVI UC: Archivo de obras","item":"https:\/\/mavi.uc.cl\/coleccion-mavi-uc\/"},{"@type":"ListItem","position":3,"name":"D\u00f3nde est\u00e1 mi mente"}]},{"@type":"WebSite","@id":"https:\/\/mavi.uc.cl\/#website","url":"https:\/\/mavi.uc.cl\/","name":"MAVI UC","description":"Museo de Artes Visuales","potentialAction":[{"@type":"SearchAction","target":{"@type":"EntryPoint","urlTemplate":"https:\/\/mavi.uc.cl\/?s={search_term_string}"},"query-input":{"@type":"PropertyValueSpecification","valueRequired":true,"valueName":"search_term_string"}}],"inLanguage":"en-US"}]}},"_links":{"self":[{"href":"https:\/\/mavi.uc.cl\/en\/wp-json\/wp\/v2\/coleccion-mavi-uc\/2497","targetHints":{"allow":["GET"]}}],"collection":[{"href":"https:\/\/mavi.uc.cl\/en\/wp-json\/wp\/v2\/coleccion-mavi-uc"}],"about":[{"href":"https:\/\/mavi.uc.cl\/en\/wp-json\/wp\/v2\/types\/coleccion-mavi-uc"}],"wp:featuredmedia":[{"embeddable":true,"href":"https:\/\/mavi.uc.cl\/en\/wp-json\/wp\/v2\/media\/1312"}],"wp:attachment":[{"href":"https:\/\/mavi.uc.cl\/en\/wp-json\/wp\/v2\/media?parent=2497"}],"wp:term":[{"taxonomy":"artistas","embeddable":true,"href":"https:\/\/mavi.uc.cl\/en\/wp-json\/wp\/v2\/artistas?post=2497"},{"taxonomy":"tecnica","embeddable":true,"href":"https:\/\/mavi.uc.cl\/en\/wp-json\/wp\/v2\/tecnica?post=2497"}],"curies":[{"name":"wp","href":"https:\/\/api.w.org\/{rel}","templated":true}]}}